{"id":100691,"date":"2026-08-28T10:06:15","date_gmt":"2026-08-28T08:06:15","guid":{"rendered":"https:\/\/www.berlin.museum\/?post_type=exhibition&#038;p=100691"},"modified":"2026-08-28T10:06:16","modified_gmt":"2026-08-28T08:06:16","slug":"chodowiecki-300","status":"publish","type":"exhibition","link":"https:\/\/www.berlin.museum\/en\/exhibition\/chodowiecki-300","title":{"rendered":"Chodowiecki 300"},"content":{"rendered":"\n<section class=\"block block-header-exhibition padding-top-half  has-highlight-color-bg\"  >\n\t<div class=\"container-fluid\">\n\t\t<div class=\"row\">\n\t\t\t<div class=\"col-xs-12 margin-bottom-two-thirds\">\n\t\t\t\t<h1 class=\"font-medium\">Chodowiecki 300<\/h1>\n\t\t\t\t\t\t\t\t<h1 class=\"font-medium font-italic margin-bottom-atom\">Female artists in Berlin around 1800<\/h1>\n\t\t\t\t\n\t\t\t\t\t\t\t\t<exhibition-date class=\"zeplin-teaserHeadline-M padding-top-minimal\" from=\"10\/14\/2026\" to=\"11\/29\/2026\" inline-template><div>{{fromTo}}<\/div><\/exhibition-date>\n\t\t\t\t<noscript><div class=\"zeplin-teaserHeadline-M padding-top-minimal\">10\/14\/2026 \u2013 11\/29\/2026<\/div><\/noscript>\n\t\t\t\t\t\t\t<\/div>\n\t\t<\/div>\n\t<\/div>\n\t<\/section>\n\n\n<section class=\"block block-anchor-nav has-highlight-color-bg has-bg-needs-paddings\">\n<div class=\"container-fluid\">\n\t<div class=\"row center-xs\">\n\t\t<div class=\"col-xs-12\">\n\t\t\t<block-anchor-nav inline-template :js-header=\"true\">\n\t\t\t\t<div class=\"anchor-nav-relative\">\n\t\t\t\t\t\t\t\t\t\t\t<div class=\"anchor-nav-museen start-xs\">\n\t\t\t\t\t\t\t\t\t\t\t\t\t\t\t<a href=\"https:\/\/www.berlin.museum\/en\/museum\/knoblauchhaus\" class=\"ho-button is-text\">Knoblauchhaus<\/a>\n\t\t\t\t\t\t\t\t\t\t\t\t\t<\/div>\n\t\t\t\t\t\t\t\t\t\t<div class=\"anchor-nav\">\n\t\t\t\t\t\t<ul class=\"anchor-nav-list\" ref=\"list\" v-if=\"buttonItems\">\n\t\t\t\t\t\t\t<li v-for=\"buttonItem in buttonItems\" class=\"anchor-nav-list-item\" :data-link=\"buttonItem.link\">\n\t\t\t\t\t\t\t\t<a :href=\"'#'+buttonItem.link\" class=\"ho-button is-text\" @click=\"select(buttonItem.link)\" v-html=\"buttonItem.label\"><\/a>\n\n\t\t\t\t\t\t\t\t<!--div class=\"anchor-nav-progress-wrapper\">\n\t\t\t\t\t\t\t\t\t<div class=\"anchor-nav-progress-bar\" aria-hidden=\"true\"><\/div>\n\t\t\t\t\t\t\t\t<\/div-->\n\t\t\t\t\t\t\t<\/li>\n\t\t\t\t\t\t<\/ul>\n\n\t\t\t\t\t\t<button type=\"button\" ref=\"backBtn\" @click=\"backToTop\" class=\"anchor-nav-top-btn ho-button is-text has-icon hide-xs\" aria-label=\"Back to the top\">\n\t\t\t\t\t\t\t<span class=\"ho-button-icon icon-jump1\"><\/span>\n\t\t\t\t\t\t<\/button>\n\t\t\t\t\t<\/div>\n\t\t\t\t<\/div>\n\t\t\t<\/block-anchor-nav>\n\t\t<\/div>\n\t<\/div>\n<\/div>\n<\/section>\n\n\n\n\n\n\n\n<block-ticker class=\"block block-ticker\" inline-template>\n\t<div :class=\"{ firstLoaded: firstLoaded,userPaused: userPaused }\">\n\t\t<script type=\"application\/json\" ref=\"data\">{\"images\" : [{\"id\":0,\"width\":1920,\"height\":1523,\"alt\":\"Kabinett eines Malers, Radierung von Daniel Chodowiecki aus dem Jahr 1772, zu sehen sind Jeanne Barez, Jeanette, Susanne und Henriette Chodowiecka, Isaac Heinrich, Wilhelm und Daniel Chodowiecki\",\"title\":\"\",\"label\":\"\\u201eCabinet d\\u00b4un peintre\\u201c (Kabinett eines Malers), Radierung von Daniel Chodowiecki, \\nBerlin, 1772 (von links nach rechts: Jeanne Barez, Jeanette, Susanne und Henriette Chodowiecka, Isaac Heinrich, Wilhelm und Daniel Chodowiecki\",\"description\":\"Sammlung Stiftung Stadtmuseum Berlin\",\"copyright\":\"\",\"path\":\"\\\/wp-content\\\/uploads\\\/2026\\\/07\\\/\",\"sizes\":{\"medium\":{\"file\":\"kabinett-eines-malers-300x238.jpg\",\"width\":300,\"height\":238,\"mime-type\":\"image\\\/jpeg\",\"filesize\":20298},\"large\":{\"file\":\"kabinett-eines-malers-1024x812.jpg\",\"width\":1024,\"height\":812,\"mime-type\":\"image\\\/jpeg\",\"filesize\":281792},\"thumbnail\":{\"file\":\"kabinett-eines-malers-150x150.jpg\",\"width\":150,\"height\":150,\"mime-type\":\"image\\\/jpeg\",\"filesize\":7441},\"medium_large\":{\"file\":\"kabinett-eines-malers-768x609.jpg\",\"width\":768,\"height\":609,\"mime-type\":\"image\\\/jpeg\",\"filesize\":151784},\"1536x1536\":{\"file\":\"kabinett-eines-malers-1536x1218.jpg\",\"width\":1536,\"height\":1218,\"mime-type\":\"image\\\/jpeg\",\"filesize\":625084},\"small\":{\"file\":\"kabinett-eines-malers-440x349.jpg\",\"width\":440,\"height\":349,\"mime-type\":\"image\\\/jpeg\",\"filesize\":43783},\"semi\":{\"file\":\"kabinett-eines-malers-580x460.jpg\",\"width\":580,\"height\":460,\"mime-type\":\"image\\\/jpeg\",\"filesize\":80497},\"mobile\":{\"file\":\"kabinett-eines-malers-720x571.jpg\",\"width\":720,\"height\":571,\"mime-type\":\"image\\\/jpeg\",\"filesize\":130919},\"hd\":{\"file\":\"kabinett-eines-malers-1280x1015.jpg\",\"width\":1280,\"height\":1015,\"mime-type\":\"image\\\/jpeg\",\"filesize\":447704},\"original\":{\"file\":\"kabinett-eines-malers.jpg\",\"width\":1920,\"height\":1523}}},{\"id\":1,\"width\":1360,\"height\":1920,\"alt\":\"Die K&uuml;nstlerin mit Papier und Zeichenger&auml;t, den Kopf auf die Faust gest&uuml;tzt\",\"title\":\"\",\"label\":\"Suzette Henry, geborene Chodowiecka (1763\\u20131819): Selbstportrait, (Pastell), 1785\\\/86\\n\",\"description\":\"\\u00a9 Stiftung Stadtmuseum Berlin\",\"copyright\":\"\",\"path\":\"\\\/wp-content\\\/uploads\\\/2026\\\/08\\\/\",\"sizes\":{\"medium\":{\"file\":\"suzette-henry-selbstportrait-213x300.jpg\",\"width\":213,\"height\":300,\"mime-type\":\"image\\\/jpeg\",\"filesize\":12727},\"large\":{\"file\":\"suzette-henry-selbstportrait-725x1024.jpg\",\"width\":725,\"height\":1024,\"mime-type\":\"image\\\/jpeg\",\"filesize\":137322},\"thumbnail\":{\"file\":\"suzette-henry-selbstportrait-150x150.jpg\",\"width\":150,\"height\":150,\"mime-type\":\"image\\\/jpeg\",\"filesize\":5746},\"medium_large\":{\"file\":\"suzette-henry-selbstportrait-768x1084.jpg\",\"width\":768,\"height\":1084,\"mime-type\":\"image\\\/jpeg\",\"filesize\":152524},\"1536x1536\":{\"file\":\"suzette-henry-selbstportrait-1088x1536.jpg\",\"width\":1088,\"height\":1536,\"mime-type\":\"image\\\/jpeg\",\"filesize\":290190},\"small\":{\"file\":\"suzette-henry-selbstportrait-312x440.jpg\",\"width\":312,\"height\":440,\"mime-type\":\"image\\\/jpeg\",\"filesize\":25475},\"semi\":{\"file\":\"suzette-henry-selbstportrait-411x580.jpg\",\"width\":411,\"height\":580,\"mime-type\":\"image\\\/jpeg\",\"filesize\":43830},\"mobile\":{\"file\":\"suzette-henry-selbstportrait-510x720.jpg\",\"width\":510,\"height\":720,\"mime-type\":\"image\\\/jpeg\",\"filesize\":68283},\"hd\":{\"file\":\"suzette-henry-selbstportrait-907x1280.jpg\",\"width\":907,\"height\":1280,\"mime-type\":\"image\\\/jpeg\",\"filesize\":210730},\"original\":{\"file\":\"suzette-henry-selbstportrait.jpg\",\"width\":1360,\"height\":1920}}},{\"id\":2,\"width\":1920,\"height\":1921,\"alt\":\"Drei sitzende Frauen, eine davon zeichnend an einer Staffelei\",\"title\":\"\",\"label\":\"Atelierszene, Susette Henry, geborene Chodowiecka (1763\\u20131819) zugeschrieben (R\\u00f6telzeichnung), um 1785\\n\",\"description\":\"\\u00a9 SMB Kupferstichkabinett Berlin, Repro: Dietmar Katz\",\"copyright\":\"\",\"path\":\"\\\/wp-content\\\/uploads\\\/2026\\\/08\\\/\",\"sizes\":{\"medium\":{\"file\":\"suzette-henry-atelierszene-kupferstichkabinett-dietmar-katz-300x300.jpg\",\"width\":300,\"height\":300,\"mime-type\":\"image\\\/jpeg\",\"filesize\":13860},\"large\":{\"file\":\"suzette-henry-atelierszene-kupferstichkabinett-dietmar-katz-1024x1024.jpg\",\"width\":1024,\"height\":1024,\"mime-type\":\"image\\\/jpeg\",\"filesize\":166188},\"thumbnail\":{\"file\":\"suzette-henry-atelierszene-kupferstichkabinett-dietmar-katz-150x150.jpg\",\"width\":150,\"height\":150,\"mime-type\":\"image\\\/jpeg\",\"filesize\":4445},\"medium_large\":{\"file\":\"suzette-henry-atelierszene-kupferstichkabinett-dietmar-katz-768x768.jpg\",\"width\":768,\"height\":768,\"mime-type\":\"image\\\/jpeg\",\"filesize\":90722},\"1536x1536\":{\"file\":\"suzette-henry-atelierszene-kupferstichkabinett-dietmar-katz-1536x1536.jpg\",\"width\":1536,\"height\":1536,\"mime-type\":\"image\\\/jpeg\",\"filesize\":389078},\"small\":{\"file\":\"suzette-henry-atelierszene-kupferstichkabinett-dietmar-katz-440x440.jpg\",\"width\":440,\"height\":440,\"mime-type\":\"image\\\/jpeg\",\"filesize\":28802},\"semi\":{\"file\":\"suzette-henry-atelierszene-kupferstichkabinett-dietmar-katz-580x580.jpg\",\"width\":580,\"height\":580,\"mime-type\":\"image\\\/jpeg\",\"filesize\":50411},\"mobile\":{\"file\":\"suzette-henry-atelierszene-kupferstichkabinett-dietmar-katz-720x720.jpg\",\"width\":720,\"height\":720,\"mime-type\":\"image\\\/jpeg\",\"filesize\":78821},\"hd\":{\"file\":\"suzette-henry-atelierszene-kupferstichkabinett-dietmar-katz-1280x1280.jpg\",\"width\":1280,\"height\":1280,\"mime-type\":\"image\\\/jpeg\",\"filesize\":269550},\"original\":{\"file\":\"suzette-henry-atelierszene-kupferstichkabinett-dietmar-katz.jpg\",\"width\":1920,\"height\":1921}}},{\"id\":3,\"width\":1294,\"height\":1920,\"alt\":\"Gem&auml;lde\",\"title\":\"\",\"label\":\"Hanefi Yeter: Berlin Is Truly a Colourful Palette, Berlin, 1985 (oil on canvas, 173 \\u00d7 116 cm)\",\"description\":\"\\u00a9 Yeter Hanefi \\u2013 Stiftung Stadtmuseum Berlin \",\"copyright\":\"\",\"path\":\"\\\/wp-content\\\/uploads\\\/2026\\\/08\\\/\",\"sizes\":{\"medium\":{\"file\":\"hanefi-yeter-berlin-bunte-palette-202x300.jpg\",\"width\":202,\"height\":300,\"mime-type\":\"image\\\/jpeg\",\"filesize\":23413},\"large\":{\"file\":\"hanefi-yeter-berlin-bunte-palette-690x1024.jpg\",\"width\":690,\"height\":1024,\"mime-type\":\"image\\\/jpeg\",\"filesize\":201495},\"thumbnail\":{\"file\":\"hanefi-yeter-berlin-bunte-palette-150x150.jpg\",\"width\":150,\"height\":150,\"mime-type\":\"image\\\/jpeg\",\"filesize\":10092},\"medium_large\":{\"file\":\"hanefi-yeter-berlin-bunte-palette-768x1140.jpg\",\"width\":768,\"height\":1140,\"mime-type\":\"image\\\/jpeg\",\"filesize\":243685},\"1536x1536\":{\"file\":\"hanefi-yeter-berlin-bunte-palette-1035x1536.jpg\",\"width\":1035,\"height\":1536,\"mime-type\":\"image\\\/jpeg\",\"filesize\":410108},\"small\":{\"file\":\"hanefi-yeter-berlin-bunte-palette-297x440.jpg\",\"width\":297,\"height\":440,\"mime-type\":\"image\\\/jpeg\",\"filesize\":45552},\"semi\":{\"file\":\"hanefi-yeter-berlin-bunte-palette-391x580.jpg\",\"width\":391,\"height\":580,\"mime-type\":\"image\\\/jpeg\",\"filesize\":73766},\"mobile\":{\"file\":\"hanefi-yeter-berlin-bunte-palette-485x720.jpg\",\"width\":485,\"height\":720,\"mime-type\":\"image\\\/jpeg\",\"filesize\":108112},\"hd\":{\"file\":\"hanefi-yeter-berlin-bunte-palette-863x1280.jpg\",\"width\":863,\"height\":1280,\"mime-type\":\"image\\\/jpeg\",\"filesize\":301032},\"original\":{\"file\":\"hanefi-yeter-berlin-bunte-palette.jpg\",\"width\":1294,\"height\":1920}}},{\"id\":4,\"width\":1547,\"height\":1920,\"alt\":\"Portrait einer Arbeiterin aus dem Berliner Gl&uuml;hlampenwerk von \",\"title\":\"\",\"label\":\"\\u201ePortrait of a Female Worker from the Berlin Light Bulb Factory\\u201c), Berlin, 1974 (oil on canvas, 89 \\u00d7 68 cm)\",\"description\":\"\\u00a9 VG Bild-Kunst, Bonn 2026 | Reproduction: Oliver Ziebe, Berlin\\u00a0\",\"copyright\":\"\",\"path\":\"\\\/wp-content\\\/uploads\\\/2026\\\/08\\\/\",\"sizes\":{\"medium\":{\"file\":\"Quevedo_Arbeiterin_VII-92str31-x_4-242x300.jpg\",\"width\":242,\"height\":300,\"mime-type\":\"image\\\/jpeg\",\"filesize\":14943},\"large\":{\"file\":\"Quevedo_Arbeiterin_VII-92str31-x_4-825x1024.jpg\",\"width\":825,\"height\":1024,\"mime-type\":\"image\\\/jpeg\",\"filesize\":105918},\"thumbnail\":{\"file\":\"Quevedo_Arbeiterin_VII-92str31-x_4-150x150.jpg\",\"width\":150,\"height\":150,\"mime-type\":\"image\\\/jpeg\",\"filesize\":6046},\"medium_large\":{\"file\":\"Quevedo_Arbeiterin_VII-92str31-x_4-768x953.jpg\",\"width\":768,\"height\":953,\"mime-type\":\"image\\\/jpeg\",\"filesize\":93029},\"1536x1536\":{\"file\":\"Quevedo_Arbeiterin_VII-92str31-x_4-1238x1536.jpg\",\"width\":1238,\"height\":1536,\"mime-type\":\"image\\\/jpeg\",\"filesize\":220842},\"small\":{\"file\":\"Quevedo_Arbeiterin_VII-92str31-x_4-355x440.jpg\",\"width\":355,\"height\":440,\"mime-type\":\"image\\\/jpeg\",\"filesize\":26762},\"semi\":{\"file\":\"Quevedo_Arbeiterin_VII-92str31-x_4-467x580.jpg\",\"width\":467,\"height\":580,\"mime-type\":\"image\\\/jpeg\",\"filesize\":41916},\"mobile\":{\"file\":\"Quevedo_Arbeiterin_VII-92str31-x_4-580x720.jpg\",\"width\":580,\"height\":720,\"mime-type\":\"image\\\/jpeg\",\"filesize\":58279},\"hd\":{\"file\":\"Quevedo_Arbeiterin_VII-92str31-x_4-1031x1280.jpg\",\"width\":1031,\"height\":1280,\"mime-type\":\"image\\\/jpeg\",\"filesize\":157497},\"original\":{\"file\":\"Quevedo_Arbeiterin_VII-92str31-x_4.jpg\",\"width\":1547,\"height\":1920}}}]}<\/script>\n\n\t\t<div class=\"container-fluid margin-bottom-minimal\">\n\t\t\t<div class=\"row end-xs\">\n\t\t\t\t<div class=\"col-xs-12\">\n\t\t\t\t\t<div class=\"block-ticker-btn-wrapper\">\n\t\t\t\t\t\t<button type=\"button\" aria-label=\"Animation starten \/ stoppen\" class=\"ho-button is-tertiary has-icon\" @click=\"userToggle\">\n\t\t\t\t\t\t\t<span class=\"ho-button-icon icon-play\"><\/span>\n\t\t\t\t\t\t\t<span class=\"ho-button-icon icon-pause\"><\/span>\n\t\t\t\t\t\t<\/button>\n\t\t\t\t\t<\/div>\n\t\t\t\t<\/div>\n\t\t\t<\/div>\n\t\t<\/div>\n\n\t\t<div class=\"carousel\">\n\t\t\t<div class=\"carousel-cell\" :key=\"image.id\" v-for=\"image in images\">\n\t\t\t\t<figure>\n\t\t\t\t\t<img :src=\"image.src\" :alt=\"image.alt\" @load=\"imageLoaded\">\n\n\t\t\t\t\t<figcaption>\n\t\t\t\t\t\t<div class=\"lazy-media-image-label\" v-html=\"image.label\"><\/div>\n\t\t\t\t\t\t<div class=\"lazy-media-image-description\" v-html=\"image.description\"><\/div>\n\t\t\t\t\t<\/figcaption>\n\t\t\t\t<\/figure>\n\t\t\t<\/div>\n\t\t<\/div>\n\t<\/div>\n<\/block-ticker>\n\n<noscript style=\"display: none;\">\n<figure  data-md-src=\"https:\/\/www.berlin.museum\/wp-content\/uploads\/2026\/07\/kabinett-eines-malers.jpg\" data-md-alt=\"Kabinett eines Malers, Radierung von Daniel Chodowiecki aus dem Jahr 1772, zu sehen sind Jeanne Barez, Jeanette, Susanne und Henriette Chodowiecka, Isaac Heinrich, Wilhelm und Daniel Chodowiecki\">\n\t<figcaption>\u201eCabinet d\u00b4un peintre\u201c (Kabinett eines Malers), Radierung von Daniel Chodowiecki, \nBerlin, 1772 (von links nach rechts: Jeanne Barez, Jeanette, Susanne und Henriette Chodowiecka, Isaac Heinrich, Wilhelm und Daniel Chodowiecki<\/figcaption><\/figure>\n<figure  data-md-src=\"https:\/\/www.berlin.museum\/wp-content\/uploads\/2026\/08\/suzette-henry-selbstportrait.jpg\" data-md-alt=\"Die K\u00fcnstlerin mit Papier und Zeichenger\u00e4t, den Kopf auf die Faust gest\u00fctzt\">\n\t<figcaption>Suzette Henry, geborene Chodowiecka (1763\u20131819): Selbstportrait, (Pastell), 1785\/86\n<\/figcaption><\/figure>\n<figure  data-md-src=\"https:\/\/www.berlin.museum\/wp-content\/uploads\/2026\/08\/suzette-henry-atelierszene-kupferstichkabinett-dietmar-katz.jpg\" data-md-alt=\"Drei sitzende Frauen, eine davon zeichnend an einer Staffelei\">\n\t<figcaption>Atelierszene, Susette Henry, geborene Chodowiecka (1763\u20131819) zugeschrieben (R\u00f6telzeichnung), um 1785\n<\/figcaption><\/figure>\n<figure  data-md-src=\"https:\/\/www.berlin.museum\/wp-content\/uploads\/2026\/08\/hanefi-yeter-berlin-bunte-palette.jpg\" data-md-alt=\"Gem\u00e4lde\">\n\t<figcaption>Hanefi Yeter: Berlin Is Truly a Colourful Palette, Berlin, 1985 (oil on canvas, 173 \u00d7 116 cm)<\/figcaption><\/figure>\n<figure  data-md-src=\"https:\/\/www.berlin.museum\/wp-content\/uploads\/2026\/08\/Quevedo_Arbeiterin_VII-92str31-x_4.jpg\" data-md-alt=\"Portrait einer Arbeiterin aus dem Berliner Gl\u00fchlampenwerk von \">\n\t<figcaption>\u201ePortrait of a Female Worker from the Berlin Light Bulb Factory\u201c), Berlin, 1974 (oil on canvas, 89 \u00d7 68 cm)<\/figcaption><\/figure>\n<\/noscript>\n\n\n<section class=\"block block-copy-service\" >\n\t<div class=\"container-fluid\">\n\t\t<div class=\"row\">\n\t\t\t<div class=\"col-xs-12 col-md-8 padding-top-sixth margin-bottom-sixth\">\n\t\t\t\t<div class=\"box\">\n\t\t\t\t\t<div class=\"copy editor\">\n\t\t\t\t\t\t<p class=\"zeplin-subHead02 font-medium\">This compact exhibition showcases female students and the daughters of the artist \u2013 their lives, works and personal stories.<\/p>\n\t\t\t\t\t<\/div>\n\t\t\t\t<\/div>\n\t\t\t<\/div>\n\t\t\t<div class=\"col-xs-12 col-md-3 col-md-offset-1 padding-top-sixth\">\n\t\t\t\t<div class=\"box margin-bottom-sixth \">\n\t\t\t\t\t<p class=\"zeplin-copySmall\"><strong>Location<\/strong><br>Knoblauchhaus<br>Poststra\u00dfe 23<br>10178 Berlin<br><br><strong>Opening Hours<\/strong><br>Tue \u2013 Sun | 10 a.m. \u2013 6 p.m.<br>(also on public holidays)<br>Mon closed<br><br><strong>Additional Opening Hours<\/strong><br>see Info &amp; Service<br><br><strong>Admission<\/strong><br>7 euros (single ticket) | 15 euros (combi-ticket*) | free admission (under 18 years or with reduction)<br><br>*Valid on two consecutive days for the Ephraim-Palais, the Nikolaikirche and the Knoblauchhaus.<\/p>\n\t\t\t\t<\/div>\n\n\n\n\t\t\t\t\t\t\t<\/div>\n\t\t<\/div>\n\t<\/div>\n<\/section>\n\n\n<section class=\"block block-copy\">\n\t<div class=\"container-fluid\">\n\t\t<div class=\"row\">\n\t\t\t<div class=\"col-xs-12 col-md-7\">\n\t\t\t\t<div class=\"copy\">\n\t\t\t\t\t<p>The graphic artist Daniel Chodowiecki (1726\u20131801) was one of the best-known artists of his time. To mark the 300th anniversary of his birth, this exhibition focuses not only on his masterpieces, but also on the women in his circle, who were long overlooked.<\/p>\n\t\t\t\t<\/div>\n\t\t\t<\/div>\n\t\t<\/div>\n\t<\/div>\n<\/section>\n\n\n<section class=\"block block-standard-image-copy  align-left\" data-parallax='{\"child\":\".motion-image\",\"mask\":\".row\",\"full\":{\"y\": [5,-5]}}' id=\"sticky_6a95e0b710e64\">\n\t<div class=\"container-fluid\" data-parallax='{\"child\":\".row\",\"mask\":\".motion-image\",\"in\":{\"scale\": [1.1,1.1],\"opacity\": [0,0]},\"center\":{\"scale\": [1.1,1],\"opacity\": [0,1],\"ease\":\"sine.out\"},\"out\":{\"opacity\": [1,0]}}'>\n\t\t<div class=\"row\">\n\t\t\t\t\t\t\t<div class=\"col-xs-12 col-md-7\">\n\t\t\t\t\t<div class=\"padding-bottom-minimal padding-top-minimal\" >\n\t\t\t\t\t\t\n\t\t<lazy-media-inline inline-template data-id=\"10590\">\n\t\t\t<figure itemscope itemtype=\"http:\/\/schema.org\/ImageObject\" class=\"lazy-media-inline \" role=\"group\" id=\"media_6a95e0b7111df\" data-md-src=\"https:\/\/cdn.berlin.museum\/wp-content\/uploads\/2022\/11\/chodowiecki-22-1-906x1160-1-234x300.jpg\" data-md-alt=\"Suzette Henry: Bildnis Daniel Chodowiecki, um 1795 (\u00d6l auf Leinwand) \">\n<script type=\"application\/json\" ref=\"data\">\n{\n\"sizes\" : {\"medium\":{\"file\":\"chodowiecki-22-1-906x1160-1-234x300.jpg\",\"width\":234,\"height\":300,\"mime-type\":\"image\\\/jpeg\",\"filesize\":10528},\"large\":{\"file\":\"chodowiecki-22-1-906x1160-1-800x1024.jpg\",\"width\":800,\"height\":1024,\"mime-type\":\"image\\\/jpeg\",\"filesize\":101242},\"medium_large\":{\"file\":\"chodowiecki-22-1-906x1160-1-768x983.jpg\",\"width\":768,\"height\":983,\"mime-type\":\"image\\\/jpeg\",\"filesize\":93663},\"small\":{\"file\":\"chodowiecki-22-1-906x1160-1-344x440.jpg\",\"width\":344,\"height\":440,\"mime-type\":\"image\\\/jpeg\",\"filesize\":20511},\"semi\":{\"file\":\"chodowiecki-22-1-906x1160-1-453x580.jpg\",\"width\":453,\"height\":580,\"mime-type\":\"image\\\/jpeg\",\"filesize\":36102},\"mobile\":{\"file\":\"chodowiecki-22-1-906x1160-1-562x720.jpg\",\"width\":562,\"height\":720,\"mime-type\":\"image\\\/jpeg\",\"filesize\":51694},\"original\":{\"file\":\"chodowiecki-22-1-906x1160-1.jpg\",\"width\":906,\"height\":1160}},\n\"alt\" : \"Suzette Henry: Bildnis Daniel Chodowiecki, um 1795 (\\u00d6l auf Leinwand) \",\n\"path\" : \"https:\\\/\\\/cdn.berlin.museum\\\/wp-content\\\/uploads\\\/2022\\\/11\\\/\",\n\"video\" : null,\n\"autoplay\" : null,\n\"youtube\" : null,\n\"hls\" : \"\",\n\"hls_autoplay\" : \"\",\n\"youtubelabel\" : \"play\",\n\"brightness\" : 100,\n\"crop\" : null,\n\"background\" : false,\n\"scale\" : 1,\n\"zoom\" : false,\n\"annotations\" : null}\n<\/script>\n\t\t\t\t<div class=\"height-container\" style=\"padding-bottom:128.0353200883%;  \">\n\t\t\t\t\t<lazy-media v-if=\"sizes\" :inline=\"true\" :alt=\"alt\" :sizes=\"sizes\" :scale=\"scale\" :zoom=\"zoom\" :brightness=\"brightness\" :path=\"path\" :video=\"video\" :autoplay=\"autoplay\" :youtube=\"youtube\" :hls=\"hls\" :hls-autoplay=\"hlsAutoplay\" :crop=\"crop\" :youtubelabel=\"youtubelabel\" :annotations=\"annotations\" :background=\"background\"><\/lazy-media>\n\n\t\t\t\t\t\t\t\t\t<\/div>\n\n\n\t\t\t\t\n\n\n\t\t\t\t\t\t\t\t\t\t<figcaption class=\"\">\n\t\t\t\t\t\t\t\t\t\t\t\t\t\t\t<div class=\"lazy-media-image-label\">Suzette Henry: Bildnis Daniel Chodowiecki, um 1795 (\u00d6l auf Leinwand) \u00a9 Stadtmuseum Berlin | Reproduktion: Oliver Ziebe<\/div>\n\t\t\t\t\t\t\t\t\t\t\t\t\t\t\t\t\t\t\t\t\t\t<div class=\"lazy-media-image-description\">\u00a9 Stadtmuseum Berlin | Reproduktion: Oliver Ziebe <\/div>\n\t\t\t\t\t\t\t\t\t\t\t\t\t<\/figcaption>\n\t\t\t\t\t\t\t\t\t\n\t\t\t   \t\t\t\t\t\t\t<\/figure>\n\t\t<\/lazy-media-inline>\n\t\t\t\t\t\t\t<\/div>\n\t\t\t\t<\/div>\n\t\t\t\t<div class=\"col-xs-12 col-md-4 col-md-offset-1\">\n\t\t\t\t\t<div class=\"padding-bottom-minimal padding-top-minimal copy\" >\n\t\t\t\t\t\t\t\t\t\t\t\tOn display are works by his daughters and female pupils, who fought to carve out a place for themselves in the art world around 1800 \u2013 at a time when women had very few opportunities to pursue artistic careers. As their art teacher, Daniel Chodowiecki gave them the freedom to express their creativity. A regular academic art exhibition also offered them the chance to present their works to the public.<br><br>Through drawings and prints, the exhibition tells a story of talent, training and perseverance. It reveals how these Berlin-based female artists worked, what obstacles they had to overcome, and why they are being rediscovered today.\t\t\t\t\t<\/div>\n\t\t\t\t<\/div>\n\t\t\t\t\t<\/div>\n\t<\/div>\n<\/section>\n\n\n<section class=\"block block-copy-hint  has-bg-needs-paddings--\">\n\t<div class=\"container-fluid\">\n\t\t<div class=\"block-copy-hint-wrapper  has-highlight-color-bg \">\n\t\t\t<div class=\"row\">\n\t\t\t\t<div class=\"col-xs-12 col-md-2  padding-top-sixth margin-bottom-sixth\">\n\t\t\t\t\t<div class=\"box\">\n\t\t\t\t\t\t<div class=\"copy\">\n\t\t\t\t\t\t\t<h2 class=\"h3 block-copy-hint-hl\">With works by:<\/h2>\n\t\t\t\t\t\t<\/div>\n\t\t\t\t\t<\/div>\n\t\t\t\t<\/div>\n\n\t\t\t\t<div class=\"col-xs-12 col-md-8 col-md-offset-1 padding-top-sixth margin-bottom-sixth\">\n\t\t\t\t\t<div class=\"box\">\n\t\t\t\t\t\t<div class=\"copy editor\">\n\t\t\t\t\t\t\t<p>Suzette Henry, Louis Claude, Henriette Le Coq, Manon Hainchelin, Antoinette und Henriette F\u00e9licit\u00e9 Tassaert, Daniel Chodowiecki und Anton Graff.<\/p>\n\t\t\t\t\t\t<\/div>\n\t\t\t\t\t<\/div>\n\t\t\t\t<\/div>\n\t\t\t<\/div>\n\t\t\t<div class=\"row\">\n\t\t\t\t<div class=\"col-xs-12 col-md-8 col-md-offset-3\">\n\t\t\t\t\t<div class=\"box\">\n\t\t\t\t\t\t\n<div class='ho-button-group' ><\/div>\n\t\t\t\t\t<\/div>\n\t\t\t\t<\/div>\n\t\t\t<\/div>\n\t\t<\/div>\n\t<\/div>\n<\/section>\n\n\n<section class=\"block block-copy block-no-margin\">\n\t<div class=\"container-fluid\">\n\t\t<div class=\"row\">\n\t\t\t<div class=\"col-xs-12 col-md-7\">\n\t\t\t\t<div class=\"copy\">\n\t\t\t\t\t<p><em>A cooperation with the Art Collection of the Berlin Academy of Arts<\/em><br><br><em>The cabinet exhibition forms part of the cross-collection and cross-national collaborative project \u2018Chodowiecki 300\u2019, marking the 300th anniversary of Daniel Chodowiecki\u2019s birth<\/em>.<\/p>\n\t\t\t\t<\/div>\n\t\t\t<\/div>\n\t\t<\/div>\n\t<\/div>\n<\/section>\n\n\n\n<section class=\"block block-logos\" aria-label=\"Partners\">\n    <div class=\"container-fluid\">\n\t\t\n<div class='row' >\n<div class=\"col-xs-3 col-md-2 center-xs block-logos-item-wrapper\">\n\t<div class=\"box margin-bottom-sixth block-logos-item\" style=\" width:100%;\">\n\t\t<a target='_blank' href='https:\/\/chodowiecki300.eu\/pl\/strona-glowna\/'>\t\t\n\t\t<lazy-media-inline inline-template data-id=\"100712\">\n\t\t\t<figure itemscope itemtype=\"http:\/\/schema.org\/ImageObject\" class=\"lazy-media-inline \" role=\"group\" id=\"media_6a95e0b711916\" data-md-src=\"https:\/\/cdn.berlin.museum\/wp-content\/uploads\/2026\/08\/AdK_Chodowiecki_300_Logo-214x300.png\" data-md-alt=\"\">\n<script type=\"application\/json\" ref=\"data\">\n{\n\"sizes\" : {\"medium\":{\"file\":\"AdK_Chodowiecki_300_Logo-214x300.png\",\"width\":214,\"height\":300,\"mime-type\":\"image\\\/png\",\"filesize\":13541},\"small\":{\"file\":\"AdK_Chodowiecki_300_Logo-314x440.png\",\"width\":314,\"height\":440,\"mime-type\":\"image\\\/png\",\"filesize\":21740},\"semi\":{\"file\":\"AdK_Chodowiecki_300_Logo-414x580.png\",\"width\":414,\"height\":580,\"mime-type\":\"image\\\/png\",\"filesize\":31495},\"mobile\":{\"file\":\"AdK_Chodowiecki_300_Logo-515x720.png\",\"width\":515,\"height\":720,\"mime-type\":\"image\\\/png\",\"filesize\":42556},\"original\":{\"file\":\"AdK_Chodowiecki_300_Logo.png\",\"width\":626,\"height\":876}},\n\"alt\" : \"\",\n\"path\" : \"https:\\\/\\\/cdn.berlin.museum\\\/wp-content\\\/uploads\\\/2026\\\/08\\\/\",\n\"video\" : null,\n\"autoplay\" : null,\n\"youtube\" : null,\n\"hls\" : \"\",\n\"hls_autoplay\" : \"\",\n\"youtubelabel\" : \"play\",\n\"brightness\" : 100,\n\"crop\" : null,\n\"background\" : false,\n\"scale\" : 1,\n\"zoom\" : false,\n\"annotations\" : null}\n<\/script>\n\t\t\t\t<div class=\"height-container\" style=\"padding-bottom:139.93610223642%;  \">\n\t\t\t\t\t<lazy-media v-if=\"sizes\" :inline=\"true\" :alt=\"alt\" :sizes=\"sizes\" :scale=\"scale\" :zoom=\"zoom\" :brightness=\"brightness\" :path=\"path\" :video=\"video\" :autoplay=\"autoplay\" :youtube=\"youtube\" :hls=\"hls\" :hls-autoplay=\"hlsAutoplay\" :crop=\"crop\" :youtubelabel=\"youtubelabel\" :annotations=\"annotations\" :background=\"background\"><\/lazy-media>\n\n\t\t\t\t\t\t\t\t\t<\/div>\n\n\n\t\t\t\t\n\n\n\t\t\t\t\n\t\t\t   \t\t\t\t\t\t\t<\/figure>\n\t\t<\/lazy-media-inline>\n\t\t\n\t\t<\/a>\t<\/div>\n<\/div>\n<\/div>\n    <\/div>\n<\/section>\n\n\n<section class=\"block block-headline block-no-margin\"  id='info-and-service-knoblauchhaus' data-anchor='info-and-service-knoblauchhaus' data-anchor-name='Info &amp; Service'>\n\t<div class=\"container-fluid\">\n\t\t<div class=\"row\">\n\t\t\t\t\t\t<div class=\"col-xs-12 col-md-12\">\n\t\t\t\t<div class=\"box\">\n\t\t\t\t\t<h2 class=\"h3\">Info &#038; Service<\/h2>\n\t\t\t\t<\/div>\n\t\t\t<\/div>\n\t\t\t\t\t<\/div>\n\t<\/div>\n<\/section>\n\n\n<section class=\"block block-copy-info  block-no-margin\">\n\t<div class=\"container-fluid\">\n\t\t<div class=\"row\">\n\t\t\t<div class=\"col-xs-12 col-md-3 padding-top-sixth margin-bottom-sixth\">\n\t\t\t\t<div class=\"box\">\n\t\t\t\t\t<div class=\"copy\">\n\t\t\t\t\t\t<h2>Opening Hours<\/h2>\n\t\t\t\t\t<\/div>\n\t\t\t\t<\/div>\n\t\t\t<\/div>\n\n\t\t\t<div class=\"col-xs-12 col-md-7 col-md-offset-1 padding-top-sixth margin-bottom-sixth\">\n\t\t\t\t<div class=\"box\">\n\t\t\t\t\t<div class=\"copy editor\">\n\t\t\t\t\t\t<p>Tue \u2013 Sun | 10 am \u2013 6 pm (also on public holidays)<br>Mon closed<br><br><strong>Differing opening hours:<\/strong><br>Sat | 29.08. | 10 a.m. \u2013 2 a.m. (Long Night of Museums)<br>Thu | 24.12. | Closed (Christmas Eve)<br>Fri &amp; Sat | 25. + 26.12. | 12 p.m. \u2013 6 p.m. (First &amp; Second Christmas Day)<br>Thu | 31.12. | Closed (New Year\u2019s Eve)<br>Fri | 01.01. 2027 | 12 p.m. \u2013 6 p.m. (New Year\u2019s Day)<br><br>The <a href=\"https:\/\/www.berlin.museum\/wp-content\/uploads\/2024\/11\/besuchsordnung-stadtmuseum-berln.pdf\" data-type=\"attachment\" data-id=\"57166\" target=\"_blank\" rel=\"noreferrer noopener nofollow\">visitor rules<\/a> of the Stiftung Stadtmuseum Berlin apply.<\/p>\n\t\t\t\t\t<\/div>\n\t\t\t\t<\/div>\n\t\t\t<\/div>\n\t\t<\/div>\n\t\t<div class=\"row\">\n\t\t\t<div class=\"col-xs-12 col-md-8 col-md-offset-4\">\n\t\t\t\t<div class=\"box\">\n\t\t\t\t\t\n<div class='ho-button-group' ><\/div>\n\t\t\t\t<\/div>\n\t\t\t<\/div>\n\t\t<\/div>\n\t<\/div>\n<\/section>\n\n\n<section class=\"block block-copy-info \">\n\t<div class=\"container-fluid\">\n\t\t<div class=\"row\">\n\t\t\t<div class=\"col-xs-12 col-md-3 padding-top-sixth margin-bottom-sixth\">\n\t\t\t\t<div class=\"box\">\n\t\t\t\t\t<div class=\"copy\">\n\t\t\t\t\t\t<h2>For children<\/h2>\n\t\t\t\t\t<\/div>\n\t\t\t\t<\/div>\n\t\t\t<\/div>\n\n\t\t\t<div class=\"col-xs-12 col-md-7 col-md-offset-1 padding-top-sixth margin-bottom-sixth\">\n\t\t\t\t<div class=\"box\">\n\t\t\t\t\t<div class=\"copy editor\">\n\t\t\t\t\t\t<p>A free children&#8217;s activity booklet for the permanent exhibition &#8220;Everyday Life in Biedermeier Berlin&#8221; is available at the entrance in German, English, Polish, Turkish and Arabic. If you have any questions, our team will be happy to help.<\/p>\n\t\t\t\t\t<\/div>\n\t\t\t\t<\/div>\n\t\t\t<\/div>\n\t\t<\/div>\n\t\t<div class=\"row\">\n\t\t\t<div class=\"col-xs-12 col-md-8 col-md-offset-4\">\n\t\t\t\t<div class=\"box\">\n\t\t\t\t\t\n<div class='ho-button-group' ><\/div>\n\t\t\t\t<\/div>\n\t\t\t<\/div>\n\t\t<\/div>\n\t<\/div>\n<\/section>\n\n\n<section class=\"block block-copy-info  block-no-margin\">\n\t<div class=\"container-fluid\">\n\t\t<div class=\"row\">\n\t\t\t<div class=\"col-xs-12 col-md-3 padding-top-sixth margin-bottom-sixth\">\n\t\t\t\t<div class=\"box\">\n\t\t\t\t\t<div class=\"copy\">\n\t\t\t\t\t\t<h2>Directions<\/h2>\n\t\t\t\t\t<\/div>\n\t\t\t\t<\/div>\n\t\t\t<\/div>\n\n\t\t\t<div class=\"col-xs-12 col-md-7 col-md-offset-1 padding-top-sixth margin-bottom-sixth\">\n\t\t\t\t<div class=\"box\">\n\t\t\t\t\t<div class=\"copy editor\">\n\t\t\t\t\t\t<p>Poststra\u00dfe 23<br>10178 Berlin<\/p>\n\t\t\t\t\t<\/div>\n\t\t\t\t<\/div>\n\t\t\t<\/div>\n\t\t<\/div>\n\t\t<div class=\"row\">\n\t\t\t<div class=\"col-xs-12 col-md-8 col-md-offset-4\">\n\t\t\t\t<div class=\"box\">\n\t\t\t\t\t\n<div class='ho-button-group' ><\/div>\n\t\t\t\t<\/div>\n\t\t\t<\/div>\n\t\t<\/div>\n\t<\/div>\n<\/section>\n\n\n\n<section class=\"block block-buttons block-buttons-primary\">\n\t<div class=\"container-fluid\">\n\t\t<div class=\"row\">\n\t\t\t<div class=\"col-xs-12 col-md-7 block-buttons-wrapper\">\n\t\t\t\t\n<div class='ho-button-group' >\n\n<div class=\"block-buttons-item\">\n<a href=\"https:\/\/g.page\/Knoblauchhaus?share\" target=\"_blank\" class=\"ho-button is-small is-primary\">\n\t<span class=\"ho-button-label\">\n\t\tGoogle Maps\t<\/span>\n<\/a>\n<\/div>\n\n\n\n\n<div class=\"block-buttons-item\">\n<a href=\"https:\/\/www.bvg.de\/en\/connections\/connection-search\" target=\"\" class=\"ho-button is-small is-primary\">\n\t<span class=\"ho-button-label\">\n\t\tBus &amp; Train\t<\/span>\n<\/a>\n<\/div>\n<\/div>\n\t\t\t<\/div>\n\t\t<\/div>\n\t<\/div>\n<\/section>\n\n\n<section class=\"block block-copy-info  block-no-margin\">\n\t<div class=\"container-fluid\">\n\t\t<div class=\"row\">\n\t\t\t<div class=\"col-xs-12 col-md-3 padding-top-sixth margin-bottom-sixth\">\n\t\t\t\t<div class=\"box\">\n\t\t\t\t\t<div class=\"copy\">\n\t\t\t\t\t\t<h2>Contact<\/h2>\n\t\t\t\t\t<\/div>\n\t\t\t\t<\/div>\n\t\t\t<\/div>\n\n\t\t\t<div class=\"col-xs-12 col-md-7 col-md-offset-1 padding-top-sixth margin-bottom-sixth\">\n\t\t\t\t<div class=\"box\">\n\t\t\t\t\t<div class=\"copy editor\">\n\t\t\t\t\t\t<p>Infoline<br>+49 30 240 02 &#8211; 162<br>Mon \u2013 Fri | 10 a.m. \u2013 6 p.m.<br><a href=\"mailto:info@berlin.museum\" data-type=\"mailto\" data-id=\"mailto:info@berlin.museum\">Write E-Mail<\/a><\/p>\n\t\t\t\t\t<\/div>\n\t\t\t\t<\/div>\n\t\t\t<\/div>\n\t\t<\/div>\n\t\t<div class=\"row\">\n\t\t\t<div class=\"col-xs-12 col-md-8 col-md-offset-4\">\n\t\t\t\t<div class=\"box\">\n\t\t\t\t\t\n<div class='ho-button-group' ><\/div>\n\t\t\t\t<\/div>\n\t\t\t<\/div>\n\t\t<\/div>\n\t<\/div>\n<\/section>\n\n\n<section class=\"block block-copy-info  block-no-margin\">\n\t<div class=\"container-fluid\">\n\t\t<div class=\"row\">\n\t\t\t<div class=\"col-xs-12 col-md-3 padding-top-sixth margin-bottom-sixth\">\n\t\t\t\t<div class=\"box\">\n\t\t\t\t\t<div class=\"copy\">\n\t\t\t\t\t\t<h2>Accessibility<\/h2>\n\t\t\t\t\t<\/div>\n\t\t\t\t<\/div>\n\t\t\t<\/div>\n\n\t\t\t<div class=\"col-xs-12 col-md-7 col-md-offset-1 padding-top-sixth margin-bottom-sixth\">\n\t\t\t\t<div class=\"box\">\n\t\t\t\t\t<div class=\"copy editor\">\n\t\t\t\t\t\t<p>not barrier-free<\/p>\n\t\t\t\t\t<\/div>\n\t\t\t\t<\/div>\n\t\t\t<\/div>\n\t\t<\/div>\n\t\t<div class=\"row\">\n\t\t\t<div class=\"col-xs-12 col-md-8 col-md-offset-4\">\n\t\t\t\t<div class=\"box\">\n\t\t\t\t\t\n<div class='ho-button-group' ><\/div>\n\t\t\t\t<\/div>\n\t\t\t<\/div>\n\t\t<\/div>\n\t<\/div>\n<\/section>\n\n\n<section class=\"block block-headline block-no-margin\"  id='tickets-museums-knoblauchhaus' data-anchor='tickets-museums-knoblauchhaus' data-anchor-name='Tickets'>\n\t<div class=\"container-fluid\">\n\t\t<div class=\"row\">\n\t\t\t\t\t\t<div class=\"col-xs-12 col-md-12\">\n\t\t\t\t<div class=\"box\">\n\t\t\t\t\t<h2 class=\"h3\">Tickets<\/h2>\n\t\t\t\t<\/div>\n\t\t\t<\/div>\n\t\t\t\t\t<\/div>\n\t<\/div>\n<\/section>\n\n\n<section class=\"block block-copy-info \">\n\t<div class=\"container-fluid\">\n\t\t<div class=\"row\">\n\t\t\t<div class=\"col-xs-12 col-md-3 padding-top-sixth margin-bottom-sixth\">\n\t\t\t\t<div class=\"box\">\n\t\t\t\t\t<div class=\"copy\">\n\t\t\t\t\t\t<h2>Admission<\/h2>\n\t\t\t\t\t<\/div>\n\t\t\t\t<\/div>\n\t\t\t<\/div>\n\n\t\t\t<div class=\"col-xs-12 col-md-7 col-md-offset-1 padding-top-sixth margin-bottom-sixth\">\n\t\t\t\t<div class=\"box\">\n\t\t\t\t\t<div class=\"copy editor\">\n\t\t\t\t\t\t<p><strong>Combi-Ticket<\/strong><br>15 euros<br>Valid for our three museums in the Nikolaiviertel (Nikolaikirche, Ephraim-Palais, Knoblauchhaus) on two consecutive days (please note opening hours)<br><br><strong>Single Ticket<\/strong><br>7 euros<br>Day ticket for the Knoblauchhaus<br><br><strong>Free admission<br>With proof of reduction<\/strong><br>for children and adolescents under 18 years of age, students, trainees, FSJ\/F\u00d6J\/BFD volunteers, Berlin Ticket S holders, severely disabled persons (at least 50% GdB) and their Personal Assistant, refugees (with a valid work or residence permit\/eAT and a Ukrainian passport or valid residence permit from Ukraine), recipients of transfer payments (B\u00fcrgergeld, ALG I), holders of the Berlin-Brandenburg Ehrenamtskarte, holders of the Super-Ferienpass \/ Berliner Familienpass, ICOM members, members of Deutscher Museumsbund, Verein der Freunde und F\u00f6rderer des Stadtmuseums Berlin e. V. (except for the Museumsdorf D\u00fcppel), F\u00f6rderverein Museumsdorf D\u00fcppel e. V., and F\u00f6rderkreis Museum Knoblauchhaus e. V., media representatives with a valid press card.<\/p>\n\t\t\t\t\t<\/div>\n\t\t\t\t<\/div>\n\t\t\t<\/div>\n\t\t<\/div>\n\t\t<div class=\"row\">\n\t\t\t<div class=\"col-xs-12 col-md-8 col-md-offset-4\">\n\t\t\t\t<div class=\"box\">\n\t\t\t\t\t\n<div class='ho-button-group' ><\/div>\n\t\t\t\t<\/div>\n\t\t\t<\/div>\n\t\t<\/div>\n\t<\/div>\n<\/section>\n\n\n\n<section class=\"block block-teaser  block-teaser-museum\">\n\n\t\n\t\t\n\t\t\t<div class=\"container-fluid teaser-no-lane\"  data-parallax-stagger='{\"child\":\"li\",\"mask\":\".row\",\"split\":false,\"in\":{\"opacity\": [0,0],\"delay\":0},\"center\":{\"y\": [60,0],\"opacity\": [0,1],\"delay\":1,\"ease\":\"sine.out\"},\"out\":{\"opacity\": [1,0],\"delay\":0,\"ease\":\"sine.in\"}}'>\n\t\t\t<ul class=\"row\">\n\t\t\t\t\t<li class=\"col-xs-12 teaser-100 teaser-wrapper teaser-museum teaser-type-list teaser-col-1\" id=\"B6a95e0b713ab1\" data-i=\"0\">\n\t\t<div class=\"box\">\n\t\t\t<a href=\"https:\/\/www.berlin.museum\/en\/museum\/knoblauchhaus\" class=\"teaser row middle-xs\">\n\t\t\t\t<div class=\"hide-xs col-sm-1 col-md-2\">\n\t\t\t\t\t<div class=\"teaser-image\">\n\t\t\t\t\t\t\t\t\t\t\t\t\t\n\t\t<lazy-media-inline inline-template data-id=\"71671\">\n\t\t\t<figure itemscope itemtype=\"http:\/\/schema.org\/ImageObject\" class=\"lazy-media-inline \" role=\"group\" id=\"media_6a95e0b713dee\" data-md-src=\"https:\/\/cdn.berlin.museum\/wp-content\/uploads\/2025\/07\/museum-knoblauchhaus-bei-nacht-300x200.jpg\" data-md-alt=\"Das Museum Knoblauchhaus bei Nacht.\">\n<script type=\"application\/json\" ref=\"data\">\n{\n\"sizes\" : {\"medium\":{\"file\":\"museum-knoblauchhaus-bei-nacht-300x200.jpg\",\"width\":300,\"height\":200,\"mime-type\":\"image\\\/jpeg\",\"filesize\":16799},\"large\":{\"file\":\"museum-knoblauchhaus-bei-nacht-1024x683.jpg\",\"width\":1024,\"height\":683,\"mime-type\":\"image\\\/jpeg\",\"filesize\":151508},\"medium_large\":{\"file\":\"museum-knoblauchhaus-bei-nacht-768x512.jpg\",\"width\":768,\"height\":512,\"mime-type\":\"image\\\/jpeg\",\"filesize\":89667},\"1536x1536\":{\"file\":\"museum-knoblauchhaus-bei-nacht-1536x1024.jpg\",\"width\":1536,\"height\":1024,\"mime-type\":\"image\\\/jpeg\",\"filesize\":316739},\"small\":{\"file\":\"museum-knoblauchhaus-bei-nacht-440x293.jpg\",\"width\":440,\"height\":293,\"mime-type\":\"image\\\/jpeg\",\"filesize\":32560},\"semi\":{\"file\":\"museum-knoblauchhaus-bei-nacht-580x387.jpg\",\"width\":580,\"height\":387,\"mime-type\":\"image\\\/jpeg\",\"filesize\":53769},\"mobile\":{\"file\":\"museum-knoblauchhaus-bei-nacht-720x480.jpg\",\"width\":720,\"height\":480,\"mime-type\":\"image\\\/jpeg\",\"filesize\":79096},\"hd\":{\"file\":\"museum-knoblauchhaus-bei-nacht-1280x853.jpg\",\"width\":1280,\"height\":853,\"mime-type\":\"image\\\/jpeg\",\"filesize\":229881},\"original\":{\"file\":\"museum-knoblauchhaus-bei-nacht.jpg\",\"width\":1920,\"height\":1280}},\n\"alt\" : \"Das Museum Knoblauchhaus bei Nacht.\",\n\"path\" : \"https:\\\/\\\/cdn.berlin.museum\\\/wp-content\\\/uploads\\\/2025\\\/07\\\/\",\n\"video\" : null,\n\"autoplay\" : null,\n\"youtube\" : null,\n\"hls\" : \"\",\n\"hls_autoplay\" : \"\",\n\"youtubelabel\" : \"play\",\n\"brightness\" : 100,\n\"crop\" : null,\n\"background\" : true,\n\"scale\" : 1,\n\"zoom\" : false,\n\"annotations\" : null}\n<\/script>\n\t\t\t\t<div class=\"height-container\" style=\"padding-bottom:66%;  \">\n\t\t\t\t\t<lazy-media v-if=\"sizes\" :inline=\"true\" :alt=\"alt\" :sizes=\"sizes\" :scale=\"scale\" :zoom=\"zoom\" :brightness=\"brightness\" :path=\"path\" :video=\"video\" :autoplay=\"autoplay\" :youtube=\"youtube\" :hls=\"hls\" :hls-autoplay=\"hlsAutoplay\" :crop=\"crop\" :youtubelabel=\"youtubelabel\" :annotations=\"annotations\" :background=\"background\"><\/lazy-media>\n\n\t\t\t\t\t\t\t\t\t<\/div>\n\n\n\t\t\t\t\n\n\n\t\t\t\t\n\t\t\t   \t\t\t\t\t\t\t<\/figure>\n\t\t<\/lazy-media-inline>\n\t\t\t\t\t\t\t\t\t\t\t\t\t<\/div>\n\t\t\t\t<\/div>\n\t\t\t\t<div class=\"col-xs-10 col-sm-10 col-md-8\">\n\t\t\t\t\t<div>\n\t\t\t\t\t\t<div class=\"teaser-header padding-bottom-minimal\"><div><h3 class=\"zeplin-teaserHeadline-M\">Knoblauchhaus<\/h3><\/div><\/div>\n\t\t\t\t\t\t<!---->\n\t\t\t\t\t<\/div>\n\t\t\t\t<\/div>\n\t\t\t\t<div class=\"col-xs-2 col-sm-1 col-md-2 end-xs\">\n\t\t\t\t\t<button type=\"button\" aria-hidden=\"true\" class=\"hide-xs ho-button is-large is-primary has-icon\"><span class=\"ho-button-icon icon-pfeil-rechts-random\"><\/span><\/button>\n\t\t\t\t\t<button type=\"button\" aria-hidden=\"true\" class=\"hide-sm hide-md hide-lg ho-button is-small is-primary has-icon\"><span class=\"ho-button-icon icon-pfeil-rechts-random\"><\/span><\/button>\n\t\t\t\t<\/div>\n\t\t\t<\/a>\n\t\t<\/div>\n\t<\/li>\n\t\t\t<\/ul>\n\t\t<\/div>\n\t\n\t<\/section>\n","protected":false},"excerpt":{"rendered":"<p>This compact exhibition showcases female students and the daughters of the artist \u2013 their lives, works and personal stories.<\/p>\n","protected":false},"featured_media":95561,"template":"","meta":{"_acf_changed":false,"subline":"Female artists in Berlin around 1800","footnotes":""},"ho_service_info":[],"ho_exhibition_type":[148],"museumsportal-topic":[528,538,526,534],"class_list":["post-100691","exhibition","type-exhibition","status-publish","has-post-thumbnail","hentry","ho_exhibition_type-special-exhibition","museumsportal-topic-19th-century-until-1945","museumsportal-topic-berlin-en","museumsportal-topic-fine-arts","museumsportal-topic-history"],"acf":[],"_links":{"self":[{"href":"https:\/\/www.berlin.museum\/en\/wp-json\/wp\/v2\/exhibition\/100691","targetHints":{"allow":["GET"]}}],"collection":[{"href":"https:\/\/www.berlin.museum\/en\/wp-json\/wp\/v2\/exhibition"}],"about":[{"href":"https:\/\/www.berlin.museum\/en\/wp-json\/wp\/v2\/types\/exhibition"}],"version-history":[{"count":12,"href":"https:\/\/www.berlin.museum\/en\/wp-json\/wp\/v2\/exhibition\/100691\/revisions"}],"predecessor-version":[{"id":100718,"href":"https:\/\/www.berlin.museum\/en\/wp-json\/wp\/v2\/exhibition\/100691\/revisions\/100718"}],"wp:featuredmedia":[{"embeddable":true,"href":"https:\/\/www.berlin.museum\/en\/wp-json\/wp\/v2\/media\/95561"}],"wp:attachment":[{"href":"https:\/\/www.berlin.museum\/en\/wp-json\/wp\/v2\/media?parent=100691"}],"wp:term":[{"taxonomy":"ho_service_info","embeddable":true,"href":"https:\/\/www.berlin.museum\/en\/wp-json\/wp\/v2\/ho_service_info?post=100691"},{"taxonomy":"ho_exhibition_type","embeddable":true,"href":"https:\/\/www.berlin.museum\/en\/wp-json\/wp\/v2\/ho_exhibition_type?post=100691"},{"taxonomy":"museumsportal-topic","embeddable":true,"href":"https:\/\/www.berlin.museum\/en\/wp-json\/wp\/v2\/museumsportal-topic?post=100691"}],"curies":[{"name":"wp","href":"https:\/\/api.w.org\/{rel}","templated":true}]}}